{"id":19,"date":"2019-05-01T03:44:33","date_gmt":"2019-05-01T03:44:33","guid":{"rendered":"http:\/\/espanol.fundacionlanin33.org.ar\/?page_id=19"},"modified":"2026-04-20T19:16:02","modified_gmt":"2026-04-20T19:16:02","slug":"calendario","status":"publish","type":"page","link":"https:\/\/espanol.fundacionlanin33.org.ar\/?page_id=19","title":{"rendered":"Encuentros"},"content":{"rendered":"\t\t<div data-elementor-type=\"wp-post\" data-elementor-id=\"19\" class=\"elementor elementor-19\" data-elementor-post-type=\"page\">\n\t\t\t\t\t\t<section class=\"elementor-section elementor-top-section elementor-element elementor-element-e36bec5 elementor-section-boxed elementor-section-height-default elementor-section-height-default\" data-id=\"e36bec5\" data-element_type=\"section\" data-e-type=\"section\">\n\t\t\t\t\t\t<div class=\"elementor-container elementor-column-gap-default\">\n\t\t\t\t\t<div class=\"elementor-column elementor-col-100 elementor-top-column elementor-element elementor-element-d077123\" data-id=\"d077123\" data-element_type=\"column\" data-e-type=\"column\">\n\t\t\t<div class=\"elementor-widget-wrap elementor-element-populated\">\n\t\t\t\t\t\t<div class=\"elementor-element elementor-element-a8553f0 elementor-widget elementor-widget-image\" data-id=\"a8553f0\" data-element_type=\"widget\" data-e-type=\"widget\" data-widget_type=\"image.default\">\n\t\t\t\t<div class=\"elementor-widget-container\">\n\t\t\t\t\t\t\t\t\t\t\t\t\t\t\t<img fetchpriority=\"high\" decoding=\"async\" width=\"768\" height=\"155\" src=\"https:\/\/espanol.fundacionlanin33.org.ar\/wp-content\/uploads\/2025\/05\/banner-sepc-1-768x155.png\" class=\"attachment-medium_large size-medium_large wp-image-3511\" alt=\"\" srcset=\"https:\/\/espanol.fundacionlanin33.org.ar\/wp-content\/uploads\/2025\/05\/banner-sepc-1-768x155.png 768w, https:\/\/espanol.fundacionlanin33.org.ar\/wp-content\/uploads\/2025\/05\/banner-sepc-1-300x60.png 300w, https:\/\/espanol.fundacionlanin33.org.ar\/wp-content\/uploads\/2025\/05\/banner-sepc-1-1024x206.png 1024w, https:\/\/espanol.fundacionlanin33.org.ar\/wp-content\/uploads\/2025\/05\/banner-sepc-1-1536x310.png 1536w, https:\/\/espanol.fundacionlanin33.org.ar\/wp-content\/uploads\/2025\/05\/banner-sepc-1-2048x413.png 2048w, https:\/\/espanol.fundacionlanin33.org.ar\/wp-content\/uploads\/2025\/05\/banner-sepc-1.png 2119w\" sizes=\"(max-width: 768px) 100vw, 768px\" \/>\t\t\t\t\t\t\t\t\t\t\t\t\t\t\t<\/div>\n\t\t\t\t<\/div>\n\t\t\t\t\t<\/div>\n\t\t<\/div>\n\t\t\t\t\t<\/div>\n\t\t<\/section>\n\t\t\t\t<section class=\"elementor-section elementor-top-section elementor-element elementor-element-31048db elementor-section-boxed elementor-section-height-default elementor-section-height-default\" data-id=\"31048db\" data-element_type=\"section\" data-e-type=\"section\">\n\t\t\t\t\t\t<div class=\"elementor-container elementor-column-gap-default\">\n\t\t\t\t\t<div class=\"elementor-column elementor-col-100 elementor-top-column elementor-element elementor-element-8b06c4c\" data-id=\"8b06c4c\" data-element_type=\"column\" data-e-type=\"column\">\n\t\t\t<div class=\"elementor-widget-wrap elementor-element-populated\">\n\t\t\t\t\t\t<div class=\"elementor-element elementor-element-284251c elementor-widget elementor-widget-video\" data-id=\"284251c\" data-element_type=\"widget\" data-e-type=\"widget\" data-settings=\"{&quot;youtube_url&quot;:&quot;https:\\\/\\\/www.youtube.com\\\/watch?v=nZBlQGwkR_Y&quot;,&quot;video_type&quot;:&quot;youtube&quot;,&quot;controls&quot;:&quot;yes&quot;}\" data-widget_type=\"video.default\">\n\t\t\t\t<div class=\"elementor-widget-container\">\n\t\t\t\t\t\t\t<div class=\"elementor-wrapper elementor-open-inline\">\n\t\t\t<div class=\"elementor-video\"><\/div>\t\t<\/div>\n\t\t\t\t\t\t<\/div>\n\t\t\t\t<\/div>\n\t\t\t\t<div class=\"elementor-element elementor-element-32feb11 elementor-widget elementor-widget-heading\" data-id=\"32feb11\" data-element_type=\"widget\" data-e-type=\"widget\" data-widget_type=\"heading.default\">\n\t\t\t\t<div class=\"elementor-widget-container\">\n\t\t\t\t\t<h1 class=\"elementor-heading-title elementor-size-default\">Mir\u00e1 la Serie de 3 Videos en la web<\/h1>\t\t\t\t<\/div>\n\t\t\t\t<\/div>\n\t\t\t\t\t<\/div>\n\t\t<\/div>\n\t\t\t\t\t<\/div>\n\t\t<\/section>\n\t\t\t\t<section class=\"elementor-section elementor-top-section elementor-element elementor-element-a6e72ba elementor-section-boxed elementor-section-height-default elementor-section-height-default\" data-id=\"a6e72ba\" data-element_type=\"section\" data-e-type=\"section\">\n\t\t\t\t\t\t<div class=\"elementor-container elementor-column-gap-default\">\n\t\t\t\t\t<div class=\"elementor-column elementor-col-50 elementor-top-column elementor-element elementor-element-2ff6124\" data-id=\"2ff6124\" data-element_type=\"column\" data-e-type=\"column\">\n\t\t\t<div class=\"elementor-widget-wrap elementor-element-populated\">\n\t\t\t\t\t\t<div class=\"elementor-element elementor-element-8520a6d elementor-widget elementor-widget-image\" data-id=\"8520a6d\" data-element_type=\"widget\" data-e-type=\"widget\" data-widget_type=\"image.default\">\n\t\t\t\t<div class=\"elementor-widget-container\">\n\t\t\t\t\t\t\t\t\t\t\t\t\t\t\t<img decoding=\"async\" width=\"819\" height=\"1024\" src=\"https:\/\/espanol.fundacionlanin33.org.ar\/wp-content\/uploads\/2026\/03\/SPC-26.04.26-Junin-de-los-Andes-Neuquen-1-819x1024.png\" class=\"attachment-large size-large wp-image-3905\" alt=\"\" srcset=\"https:\/\/espanol.fundacionlanin33.org.ar\/wp-content\/uploads\/2026\/03\/SPC-26.04.26-Junin-de-los-Andes-Neuquen-1-819x1024.png 819w, https:\/\/espanol.fundacionlanin33.org.ar\/wp-content\/uploads\/2026\/03\/SPC-26.04.26-Junin-de-los-Andes-Neuquen-1-240x300.png 240w, https:\/\/espanol.fundacionlanin33.org.ar\/wp-content\/uploads\/2026\/03\/SPC-26.04.26-Junin-de-los-Andes-Neuquen-1-768x960.png 768w, https:\/\/espanol.fundacionlanin33.org.ar\/wp-content\/uploads\/2026\/03\/SPC-26.04.26-Junin-de-los-Andes-Neuquen-1.png 1080w\" sizes=\"(max-width: 819px) 100vw, 819px\" \/>\t\t\t\t\t\t\t\t\t\t\t\t\t\t\t<\/div>\n\t\t\t\t<\/div>\n\t\t\t\t<div class=\"elementor-element elementor-element-fb9f18a elementor-widget elementor-widget-image\" data-id=\"fb9f18a\" data-element_type=\"widget\" data-e-type=\"widget\" data-widget_type=\"image.default\">\n\t\t\t\t<div class=\"elementor-widget-container\">\n\t\t\t\t\t\t\t\t\t\t\t\t\t\t\t<img decoding=\"async\" width=\"768\" height=\"960\" src=\"https:\/\/espanol.fundacionlanin33.org.ar\/wp-content\/uploads\/2026\/04\/SPC-10.05.26-San-Martin-de-los-Andes-Neuquen-768x960.png\" class=\"attachment-medium_large size-medium_large wp-image-3912\" alt=\"\" srcset=\"https:\/\/espanol.fundacionlanin33.org.ar\/wp-content\/uploads\/2026\/04\/SPC-10.05.26-San-Martin-de-los-Andes-Neuquen-768x960.png 768w, https:\/\/espanol.fundacionlanin33.org.ar\/wp-content\/uploads\/2026\/04\/SPC-10.05.26-San-Martin-de-los-Andes-Neuquen-240x300.png 240w, https:\/\/espanol.fundacionlanin33.org.ar\/wp-content\/uploads\/2026\/04\/SPC-10.05.26-San-Martin-de-los-Andes-Neuquen-819x1024.png 819w, https:\/\/espanol.fundacionlanin33.org.ar\/wp-content\/uploads\/2026\/04\/SPC-10.05.26-San-Martin-de-los-Andes-Neuquen.png 1080w\" sizes=\"(max-width: 768px) 100vw, 768px\" \/>\t\t\t\t\t\t\t\t\t\t\t\t\t\t\t<\/div>\n\t\t\t\t<\/div>\n\t\t\t\t<div class=\"elementor-element elementor-element-9cc600d elementor-widget elementor-widget-image\" data-id=\"9cc600d\" data-element_type=\"widget\" data-e-type=\"widget\" data-widget_type=\"image.default\">\n\t\t\t\t<div class=\"elementor-widget-container\">\n\t\t\t\t\t\t\t\t\t\t\t\t\t\t\t<img loading=\"lazy\" decoding=\"async\" width=\"768\" height=\"960\" src=\"https:\/\/espanol.fundacionlanin33.org.ar\/wp-content\/uploads\/2026\/04\/SPC-17.05.26-Junin-de-los-Andes-Neuquen-768x960.png\" class=\"attachment-medium_large size-medium_large wp-image-3913\" alt=\"\" srcset=\"https:\/\/espanol.fundacionlanin33.org.ar\/wp-content\/uploads\/2026\/04\/SPC-17.05.26-Junin-de-los-Andes-Neuquen-768x960.png 768w, https:\/\/espanol.fundacionlanin33.org.ar\/wp-content\/uploads\/2026\/04\/SPC-17.05.26-Junin-de-los-Andes-Neuquen-240x300.png 240w, https:\/\/espanol.fundacionlanin33.org.ar\/wp-content\/uploads\/2026\/04\/SPC-17.05.26-Junin-de-los-Andes-Neuquen-819x1024.png 819w, https:\/\/espanol.fundacionlanin33.org.ar\/wp-content\/uploads\/2026\/04\/SPC-17.05.26-Junin-de-los-Andes-Neuquen.png 1080w\" sizes=\"(max-width: 768px) 100vw, 768px\" \/>\t\t\t\t\t\t\t\t\t\t\t\t\t\t\t<\/div>\n\t\t\t\t<\/div>\n\t\t\t\t\t<\/div>\n\t\t<\/div>\n\t\t\t\t<div class=\"elementor-column elementor-col-50 elementor-top-column elementor-element elementor-element-7fdb1fe\" data-id=\"7fdb1fe\" data-element_type=\"column\" data-e-type=\"column\">\n\t\t\t<div class=\"elementor-widget-wrap elementor-element-populated\">\n\t\t\t\t\t\t<div class=\"elementor-element elementor-element-f25140f elementor-widget elementor-widget-heading\" data-id=\"f25140f\" data-element_type=\"widget\" data-e-type=\"widget\" data-widget_type=\"heading.default\">\n\t\t\t\t<div class=\"elementor-widget-container\">\n\t\t\t\t\t<h4 class=\"elementor-heading-title elementor-size-default\">Sanaci\u00f3n espiritual en presencia del Cielo<\/h4>\t\t\t\t<\/div>\n\t\t\t\t<\/div>\n\t\t\t\t<div class=\"elementor-element elementor-element-880e986 elementor-widget elementor-widget-text-editor\" data-id=\"880e986\" data-element_type=\"widget\" data-e-type=\"widget\" data-widget_type=\"text-editor.default\">\n\t\t\t\t<div class=\"elementor-widget-container\">\n\t\t\t\t\t\t\t\t\t<p><span style=\"color: #2704b5;\">Sanaci\u00f3n espiritual en presencia del Cielo es una herramienta de planos Superiores para ayudar a los seres humanos. Nos muestran a nivel auditivo, visual y vivencial, <strong>todos los motivos del sufrimiento del ser humano y la sanaci\u00f3n\/orden en todos los casos.<\/strong> Como todo es energ\u00eda, todo puede ser canalizado. Literalmente es Sanaci\u00f3n espiritual en presencia del Cielo. Adem\u00e1s de canalizarse la energ\u00eda de los integrantes de los sistemas familiares (el padre, la madre, los\/as hijos\/as, hermanos, abuelos, etc.), tambi\u00e9n se presentan canalizados de la misma manera, los Seres Superiores que conocemos como Jesucristo, la Virgen Mar\u00eda, Shiva y otros Hermanos mayores que eligen asistir en el campo, ya que son los due\u00f1os de la Herramienta y quienes gu\u00edan todo el encuentro. <\/span><\/p><p><span style=\"color: #2704b5;\">Una apertura de campo es un espacio sagrado, en presencia del Cielo, donde se muestra el aqu\u00ed y ahora del campo espiritual del ser humano que plante\u00f3 un tema para que sea iluminado por Seres Superiores.<strong> El Cielo nos \u201cprende reflectores\u201d para que veamos con claridad qu\u00e9 movimientos tenemos que hacer para dejar de aprender por el sufrimiento y continuar nuestro aprendizaje en Armon\u00eda<\/strong>, esto se produce cuando nos ordenamos tanto en el sistema familiar como en el sistema c\u00f3smico, a los cuales todos pertenecemos.<\/span><\/p><p><span style=\"color: #2704b5;\">El trabajo es multidimensional, tod@s los participantes recibimos Conciencia. Puede ser al abrir el campo para ver tu tema personal, participando como representante, o sentado observando c\u00f3mo transcurre el campo de otro.<\/span><\/p><p><span style=\"color: #2704b5;\">En la <em>primera parte<\/em>, se realiza la meditaci\u00f3n con el mantra Om Mani Padme Hum en forma grupal y luego se explican las Leyes de ambos sistemas, el proceso de Ascensi\u00f3n, la tarea de la Fundaci\u00f3n.<\/span><\/p><p><span style=\"color: #2704b5;\">En la <em>segunda parte<\/em>, se realizan las aperturas de campo. Quienes salen seleccionados a trav\u00e9s de un sorteo, pasan en forma sucesiva a plantear su\/s tema\/s para que sean iluminados por el Cielo. <strong>Todo tema puede ser abordado:<\/strong> relaciones familiares, pareja, salud, trabajo, conflictos, malestar, accidentes, v\u00ednculo con el Cielo, tarea planetaria, etc. Solo se plantea el t\u00edtulo del tema, luego el Cielo se encarga de iluminarlo, mostrar el desorden \u2013si lo hubiera\u2013 y c\u00f3mo ordenarlo, de acuerdo a las Leyes. <\/span><\/p><p><span style=\"color: #2704b5;\">El Cielo est\u00e1 presente todo el tiempo, los Hermanos mayores son canalizados por los mismos participantes. Tambi\u00e9n puede suceder que no te toque entrar en ese campo y lo observes, desde afuera del mismo, sentado en tu silla. <strong>En todos los casos recibimos Conciencia y Luz del Cielo.<\/strong><\/span><\/p><p><span style=\"color: #2704b5;\">Es para todos, excede cualquier separaci\u00f3n ilusoria de la tercera dimensi\u00f3n (color de piel, pa\u00eds, religiones, partidos pol\u00edticos, creencias, etc.). <\/span><span style=\"color: #2704b5;\">Es para las personas que sufren en los distintos niveles: sea mental, emocional o f\u00edsico; es tambi\u00e9n para quienes est\u00e1n relativamente bien y les falta la Conciencia del proceso que estamos transitando como raza y qu\u00e9 hacer para confirmar la Ascensi\u00f3n. <strong>Estamos yendo hacia planetas de cuarta y de quinta dimensi\u00f3n, donde la base es la Paz y el Amor, en aprendizaje eterno.\u00a0<\/strong><\/span><\/p><p><span style=\"color: #2704b5;\">Si luego de haber participado de un encuentro te volv\u00e9s a desordenar, no es necesario que esperes al pr\u00f3ximo para ordenarte. Si ya sab\u00e9s cu\u00e1l es el movimiento al orden, pod\u00e9s hacerlo ni bien te percat\u00e1s del desorden. Cuanto m\u00e1s r\u00e1pido te ordenes, menos vas a sufrir por ello y menos impacto va a tener en tus sistemas.\u00a0<\/span><\/p><p><span style=\"color: #2704b5;\">La <strong>Fundaci\u00f3n LANIN<\/strong> se materializ\u00f3 como brazo de acci\u00f3n de Cristo en la Tierra para asistir en el proceso del despertar de la masa cr\u00edtica (144.000 seres humanos) y con este prop\u00f3sito, bajaron esta Herramienta, cuya funci\u00f3n es que los seres humanos sepamos qu\u00e9 hacer para dejar de sufrir y c\u00f3mo hacerlo. El proceso es uno a uno, nadie puede hacerlo por otro\/a hermano\/a, tampoco el Cielo puede hacer el movimiento por nosotros debido a que respetan nuestro Libre Albedr\u00edo. <strong>No hay magia, hay orden de acuerdo a las Leyes.<\/strong><\/span><\/p><p><span style=\"color: #2704b5;\">No necesit\u00e1s asistir a un encuentro de Sanaci\u00f3n espiritual en presencia del Cielo (aunque son una gran bendici\u00f3n). Lo que necesit\u00e1s hacer es ordenarte a las Leyes de ambos sistemas, m\u00e1s el orden de la mente, con eso ser\u00e1 suficiente.<\/span><\/p><p class=\"Tripa-p\"><span lang=\"ES-TRAD\" style=\"color: #2704b5;\"><strong>En la serie de 3 V\u00eddeos, encontrar\u00e1s toda la informaci\u00f3n necesaria &#8211; Serie de 3 Videos y Cuadro: &#8220;Jes\u00fas&#8221;. Tambi\u00e9n disponible en formato Lectura: &#8220;Libro Online&#8221;.<\/strong><\/span><\/p><p class=\"Tripa-p\"><span lang=\"ES-TRAD\" style=\"color: #2704b5;\">El resto del aprendizaje, lo realizar\u00e1s de manera directa con nuestros Hermanos mayores. Ellos vinieron a buscarnos y guiarnos en el regreso a Casa. La Ascensi\u00f3n es un proceso vivencial y directo con el Cielo.<\/span><\/p><p><strong><span style=\"color: #2704b5;\"><img decoding=\"async\" class=\"emoji\" role=\"img\" draggable=\"false\" src=\"https:\/\/s.w.org\/images\/core\/emoji\/14.0.0\/svg\/1f499.svg\" alt=\"\ud83d\udc99\" \/>33<img decoding=\"async\" class=\"emoji\" role=\"img\" draggable=\"false\" src=\"https:\/\/s.w.org\/images\/core\/emoji\/14.0.0\/svg\/1f499.svg\" alt=\"\ud83d\udc99\" \/><\/span><\/strong><\/p>\t\t\t\t\t\t\t\t<\/div>\n\t\t\t\t<\/div>\n\t\t\t\t\t<\/div>\n\t\t<\/div>\n\t\t\t\t\t<\/div>\n\t\t<\/section>\n\t\t\t\t<\/div>\n\t\t","protected":false},"excerpt":{"rendered":"<p>Sanaci\u00f3n espiritual en presencia del Cielo Sanaci\u00f3n espiritual en presencia del Cielo es una herramienta de planos Superiores para ayudar a los seres humanos. Nos muestran a nivel auditivo, visual y vivencial, todos los motivos del sufrimiento del ser humano &hellip; <a href=\"https:\/\/espanol.fundacionlanin33.org.ar\/?page_id=19\">Continued<\/a><\/p>\n","protected":false},"author":1,"featured_media":0,"parent":0,"menu_order":0,"comment_status":"closed","ping_status":"closed","template":"page-fullwidth.php","meta":{"footnotes":""},"class_list":["post-19","page","type-page","status-publish","hentry"],"_links":{"self":[{"href":"https:\/\/espanol.fundacionlanin33.org.ar\/index.php?rest_route=\/wp\/v2\/pages\/19","targetHints":{"allow":["GET"]}}],"collection":[{"href":"https:\/\/espanol.fundacionlanin33.org.ar\/index.php?rest_route=\/wp\/v2\/pages"}],"about":[{"href":"https:\/\/espanol.fundacionlanin33.org.ar\/index.php?rest_route=\/wp\/v2\/types\/page"}],"author":[{"embeddable":true,"href":"https:\/\/espanol.fundacionlanin33.org.ar\/index.php?rest_route=\/wp\/v2\/users\/1"}],"replies":[{"embeddable":true,"href":"https:\/\/espanol.fundacionlanin33.org.ar\/index.php?rest_route=%2Fwp%2Fv2%2Fcomments&post=19"}],"version-history":[{"count":741,"href":"https:\/\/espanol.fundacionlanin33.org.ar\/index.php?rest_route=\/wp\/v2\/pages\/19\/revisions"}],"predecessor-version":[{"id":3915,"href":"https:\/\/espanol.fundacionlanin33.org.ar\/index.php?rest_route=\/wp\/v2\/pages\/19\/revisions\/3915"}],"wp:attachment":[{"href":"https:\/\/espanol.fundacionlanin33.org.ar\/index.php?rest_route=%2Fwp%2Fv2%2Fmedia&parent=19"}],"curies":[{"name":"wp","href":"https:\/\/api.w.org\/{rel}","templated":true}]}}